{"id":26344,"date":"2025-08-07T15:20:56","date_gmt":"2025-08-07T13:20:56","guid":{"rendered":"https:\/\/kultur-mitte.de\/?post_type=ct_events&#038;p=26344"},"modified":"2025-08-07T15:20:56","modified_gmt":"2025-08-07T13:20:56","slug":"urban-nature-in-dialogue-talk-with-dr-jennifer-schulz-at-the-tiny-forest-gertraudenhain","status":"publish","type":"ct_events","link":"https:\/\/kultur-mitte.de\/en\/events\/kisr-kunst-im-stadtraum-leipziger-strase\/urban-nature-in-dialogue-talk-with-dr-jennifer-schulz-at-the-tiny-forest-gertraudenhain\/","title":{"rendered":"Urban nature in dialogue: Talk with Dr. Jennifer Schulz at the Tiny Forest Gertraudenhain"},"content":{"rendered":"\n<p>Am 26. August 2025 von 18:30 bis 20:00 Uhr veranstaltet <em>KISR Leipziger Stra\u00dfe<\/em> ein \u00f6ffentliches Gespr\u00e4ch mit Dr. Jennifer Schulz vom Institut f\u00fcr Umweltwissenschaften &amp; Geographie der Universit\u00e4t Potsdam. Moderiert wird der Abend von Christof Zwiener, dem Initiator des Projekts, im Gertraudenhain am Spittelmarkt.<\/p>\n\n\n\n<p>Public talk with Dr Jennifer Schulz from the Institute for Environmental Studies and Geography at Universit\u00e4t Potsdam. Presented by Christof Zwiener, initiator of the project, at Gertraudenhain.<\/p>\n","protected":false},"excerpt":{"rendered":"<p>Am 26. August 2025 von 18:30 bis 20:00 Uhr veranstaltet KISR Leipziger Stra\u00dfe ein \u00f6ffentliches Gespr\u00e4ch mit Dr. Jennifer Schulz vom Institut f\u00fcr Umweltwissenschaften &amp; Geographie der Universit\u00e4t Potsdam. Moderiert wird der Abend von Christof Zwiener, dem Initiator des Projekts, im Gertraudenhain am Spittelmarkt. Public talk with Dr Jennifer Schulz from the Institute for Environmental&#8230;  <a class=\"excerpt-read-more\" href=\"https:\/\/kultur-mitte.de\/en\/events\/kisr-kunst-im-stadtraum-leipziger-strase\/urban-nature-in-dialogue-talk-with-dr-jennifer-schulz-at-the-tiny-forest-gertraudenhain\/\" title=\"Read Urban nature in dialogue: Talk with Dr. Jennifer Schulz at the Tiny Forest Gertraudenhain\">Read more &raquo;<\/a><\/p>\n","protected":false},"author":23,"featured_media":26342,"parent":25847,"menu_order":0,"comment_status":"closed","ping_status":"closed","template":"","meta":{"_acf_changed":false,"footnotes":""},"events_cat":[141],"class_list":["post-26344","ct_events","type-ct_events","status-publish","has-post-thumbnail","hentry","events_cat-talk"],"acf":[],"yoast_head":"<!-- This site is optimized with the Yoast SEO plugin v27.5 - https:\/\/yoast.com\/product\/yoast-seo-wordpress\/ -->\n<title>Urban nature in dialogue: Talk with Dr. Jennifer Schulz at the Tiny Forest Gertraudenhain - Kultur Mitte<\/title>\n<meta name=\"robots\" content=\"index, follow, max-snippet:-1, max-image-preview:large, max-video-preview:-1\" \/>\n<link rel=\"canonical\" href=\"https:\/\/kultur-mitte.de\/en\/events\/kisr-kunst-im-stadtraum-leipziger-strase\/urban-nature-in-dialogue-talk-with-dr-jennifer-schulz-at-the-tiny-forest-gertraudenhain\/\" \/>\n<meta property=\"og:locale\" content=\"en_US\" \/>\n<meta property=\"og:type\" content=\"article\" \/>\n<meta property=\"og:title\" content=\"Urban nature in dialogue: Talk with Dr. Jennifer Schulz at the Tiny Forest Gertraudenhain - Kultur Mitte\" \/>\n<meta property=\"og:description\" content=\"Am 26. August 2025 von 18:30 bis 20:00 Uhr veranstaltet KISR Leipziger Stra\u00dfe ein \u00f6ffentliches Gespr\u00e4ch mit Dr. Jennifer Schulz vom Institut f\u00fcr Umweltwissenschaften &amp; Geographie der Universit\u00e4t Potsdam. Moderiert wird der Abend von Christof Zwiener, dem Initiator des Projekts, im Gertraudenhain am Spittelmarkt. Public talk with Dr Jennifer Schulz from the Institute for Environmental... Read more &raquo;\" \/>\n<meta property=\"og:url\" content=\"https:\/\/kultur-mitte.de\/en\/events\/kisr-kunst-im-stadtraum-leipziger-strase\/urban-nature-in-dialogue-talk-with-dr-jennifer-schulz-at-the-tiny-forest-gertraudenhain\/\" \/>\n<meta property=\"og:site_name\" content=\"Kultur Mitte\" \/>\n<meta property=\"article:publisher\" content=\"https:\/\/www.facebook.com\/kulturmitte\/?locale=de_DE\" \/>\n<meta property=\"og:image\" content=\"https:\/\/kultur-mitte.de\/wp-content\/uploads\/2025\/08\/1.jpg\" \/>\n\t<meta property=\"og:image:width\" content=\"1920\" \/>\n\t<meta property=\"og:image:height\" content=\"2400\" \/>\n\t<meta property=\"og:image:type\" content=\"image\/jpeg\" \/>\n<meta name=\"twitter:card\" content=\"summary_large_image\" \/>\n<meta name=\"twitter:label1\" content=\"Est. reading time\" \/>\n\t<meta name=\"twitter:data1\" content=\"1 minute\" \/>\n<script type=\"application\/ld+json\" class=\"yoast-schema-graph\">{\"@context\":\"https:\\\/\\\/schema.org\",\"@graph\":[{\"@type\":\"WebPage\",\"@id\":\"https:\\\/\\\/kultur-mitte.de\\\/en\\\/events\\\/kisr-kunst-im-stadtraum-leipziger-strase\\\/urban-nature-in-dialogue-talk-with-dr-jennifer-schulz-at-the-tiny-forest-gertraudenhain\\\/\",\"url\":\"https:\\\/\\\/kultur-mitte.de\\\/en\\\/events\\\/kisr-kunst-im-stadtraum-leipziger-strase\\\/urban-nature-in-dialogue-talk-with-dr-jennifer-schulz-at-the-tiny-forest-gertraudenhain\\\/\",\"name\":\"Urban nature in dialogue: Talk with Dr. Jennifer Schulz at the Tiny Forest Gertraudenhain - Kultur Mitte\",\"isPartOf\":{\"@id\":\"https:\\\/\\\/kultur-mitte.de\\\/en\\\/#website\"},\"primaryImageOfPage\":{\"@id\":\"https:\\\/\\\/kultur-mitte.de\\\/en\\\/events\\\/kisr-kunst-im-stadtraum-leipziger-strase\\\/urban-nature-in-dialogue-talk-with-dr-jennifer-schulz-at-the-tiny-forest-gertraudenhain\\\/#primaryimage\"},\"image\":{\"@id\":\"https:\\\/\\\/kultur-mitte.de\\\/en\\\/events\\\/kisr-kunst-im-stadtraum-leipziger-strase\\\/urban-nature-in-dialogue-talk-with-dr-jennifer-schulz-at-the-tiny-forest-gertraudenhain\\\/#primaryimage\"},\"thumbnailUrl\":\"https:\\\/\\\/kultur-mitte.de\\\/wp-content\\\/uploads\\\/2025\\\/08\\\/1.jpg\",\"datePublished\":\"2025-08-07T13:20:56+00:00\",\"breadcrumb\":{\"@id\":\"https:\\\/\\\/kultur-mitte.de\\\/en\\\/events\\\/kisr-kunst-im-stadtraum-leipziger-strase\\\/urban-nature-in-dialogue-talk-with-dr-jennifer-schulz-at-the-tiny-forest-gertraudenhain\\\/#breadcrumb\"},\"inLanguage\":\"en-US\",\"potentialAction\":[{\"@type\":\"ReadAction\",\"target\":[\"https:\\\/\\\/kultur-mitte.de\\\/en\\\/events\\\/kisr-kunst-im-stadtraum-leipziger-strase\\\/urban-nature-in-dialogue-talk-with-dr-jennifer-schulz-at-the-tiny-forest-gertraudenhain\\\/\"]}]},{\"@type\":\"ImageObject\",\"inLanguage\":\"en-US\",\"@id\":\"https:\\\/\\\/kultur-mitte.de\\\/en\\\/events\\\/kisr-kunst-im-stadtraum-leipziger-strase\\\/urban-nature-in-dialogue-talk-with-dr-jennifer-schulz-at-the-tiny-forest-gertraudenhain\\\/#primaryimage\",\"url\":\"https:\\\/\\\/kultur-mitte.de\\\/wp-content\\\/uploads\\\/2025\\\/08\\\/1.jpg\",\"contentUrl\":\"https:\\\/\\\/kultur-mitte.de\\\/wp-content\\\/uploads\\\/2025\\\/08\\\/1.jpg\",\"width\":1920,\"height\":2400,\"caption\":\"Bild: Christof Zwiener\"},{\"@type\":\"BreadcrumbList\",\"@id\":\"https:\\\/\\\/kultur-mitte.de\\\/en\\\/events\\\/kisr-kunst-im-stadtraum-leipziger-strase\\\/urban-nature-in-dialogue-talk-with-dr-jennifer-schulz-at-the-tiny-forest-gertraudenhain\\\/#breadcrumb\",\"itemListElement\":[{\"@type\":\"ListItem\",\"position\":1,\"name\":\"Home\",\"item\":\"https:\\\/\\\/kultur-mitte.de\\\/en\\\/\"},{\"@type\":\"ListItem\",\"position\":2,\"name\":\"Termine\",\"item\":\"https:\\\/\\\/kultur-mitte.de\\\/en\\\/events\\\/\"},{\"@type\":\"ListItem\",\"position\":3,\"name\":\"KISR \u2013 Kunst im Stadtraum Leipziger Stra\u00dfe\",\"item\":\"https:\\\/\\\/kultur-mitte.de\\\/en\\\/events\\\/kisr-kunst-im-stadtraum-an-der-leipziger-strasse-2\\\/\"},{\"@type\":\"ListItem\",\"position\":4,\"name\":\"Urban nature in dialogue: Talk with Dr. Jennifer Schulz at the Tiny Forest Gertraudenhain\"}]},{\"@type\":\"WebSite\",\"@id\":\"https:\\\/\\\/kultur-mitte.de\\\/en\\\/#website\",\"url\":\"https:\\\/\\\/kultur-mitte.de\\\/en\\\/\",\"name\":\"Kultur Mitte\",\"description\":\"\",\"potentialAction\":[{\"@type\":\"SearchAction\",\"target\":{\"@type\":\"EntryPoint\",\"urlTemplate\":\"https:\\\/\\\/kultur-mitte.de\\\/en\\\/?s={search_term_string}\"},\"query-input\":{\"@type\":\"PropertyValueSpecification\",\"valueRequired\":true,\"valueName\":\"search_term_string\"}}],\"inLanguage\":\"en-US\"}]}<\/script>\n<!-- \/ Yoast SEO plugin. -->","yoast_head_json":{"title":"Urban nature in dialogue: Talk with Dr. Jennifer Schulz at the Tiny Forest Gertraudenhain - Kultur Mitte","robots":{"index":"index","follow":"follow","max-snippet":"max-snippet:-1","max-image-preview":"max-image-preview:large","max-video-preview":"max-video-preview:-1"},"canonical":"https:\/\/kultur-mitte.de\/en\/events\/kisr-kunst-im-stadtraum-leipziger-strase\/urban-nature-in-dialogue-talk-with-dr-jennifer-schulz-at-the-tiny-forest-gertraudenhain\/","og_locale":"en_US","og_type":"article","og_title":"Urban nature in dialogue: Talk with Dr. Jennifer Schulz at the Tiny Forest Gertraudenhain - Kultur Mitte","og_description":"Am 26. August 2025 von 18:30 bis 20:00 Uhr veranstaltet KISR Leipziger Stra\u00dfe ein \u00f6ffentliches Gespr\u00e4ch mit Dr. Jennifer Schulz vom Institut f\u00fcr Umweltwissenschaften &amp; Geographie der Universit\u00e4t Potsdam. Moderiert wird der Abend von Christof Zwiener, dem Initiator des Projekts, im Gertraudenhain am Spittelmarkt. Public talk with Dr Jennifer Schulz from the Institute for Environmental... Read more &raquo;","og_url":"https:\/\/kultur-mitte.de\/en\/events\/kisr-kunst-im-stadtraum-leipziger-strase\/urban-nature-in-dialogue-talk-with-dr-jennifer-schulz-at-the-tiny-forest-gertraudenhain\/","og_site_name":"Kultur Mitte","article_publisher":"https:\/\/www.facebook.com\/kulturmitte\/?locale=de_DE","og_image":[{"width":1920,"height":2400,"url":"https:\/\/kultur-mitte.de\/wp-content\/uploads\/2025\/08\/1.jpg","type":"image\/jpeg"}],"twitter_card":"summary_large_image","twitter_misc":{"Est. reading time":"1 minute"},"schema":{"@context":"https:\/\/schema.org","@graph":[{"@type":"WebPage","@id":"https:\/\/kultur-mitte.de\/en\/events\/kisr-kunst-im-stadtraum-leipziger-strase\/urban-nature-in-dialogue-talk-with-dr-jennifer-schulz-at-the-tiny-forest-gertraudenhain\/","url":"https:\/\/kultur-mitte.de\/en\/events\/kisr-kunst-im-stadtraum-leipziger-strase\/urban-nature-in-dialogue-talk-with-dr-jennifer-schulz-at-the-tiny-forest-gertraudenhain\/","name":"Urban nature in dialogue: Talk with Dr. Jennifer Schulz at the Tiny Forest Gertraudenhain - Kultur Mitte","isPartOf":{"@id":"https:\/\/kultur-mitte.de\/en\/#website"},"primaryImageOfPage":{"@id":"https:\/\/kultur-mitte.de\/en\/events\/kisr-kunst-im-stadtraum-leipziger-strase\/urban-nature-in-dialogue-talk-with-dr-jennifer-schulz-at-the-tiny-forest-gertraudenhain\/#primaryimage"},"image":{"@id":"https:\/\/kultur-mitte.de\/en\/events\/kisr-kunst-im-stadtraum-leipziger-strase\/urban-nature-in-dialogue-talk-with-dr-jennifer-schulz-at-the-tiny-forest-gertraudenhain\/#primaryimage"},"thumbnailUrl":"https:\/\/kultur-mitte.de\/wp-content\/uploads\/2025\/08\/1.jpg","datePublished":"2025-08-07T13:20:56+00:00","breadcrumb":{"@id":"https:\/\/kultur-mitte.de\/en\/events\/kisr-kunst-im-stadtraum-leipziger-strase\/urban-nature-in-dialogue-talk-with-dr-jennifer-schulz-at-the-tiny-forest-gertraudenhain\/#breadcrumb"},"inLanguage":"en-US","potentialAction":[{"@type":"ReadAction","target":["https:\/\/kultur-mitte.de\/en\/events\/kisr-kunst-im-stadtraum-leipziger-strase\/urban-nature-in-dialogue-talk-with-dr-jennifer-schulz-at-the-tiny-forest-gertraudenhain\/"]}]},{"@type":"ImageObject","inLanguage":"en-US","@id":"https:\/\/kultur-mitte.de\/en\/events\/kisr-kunst-im-stadtraum-leipziger-strase\/urban-nature-in-dialogue-talk-with-dr-jennifer-schulz-at-the-tiny-forest-gertraudenhain\/#primaryimage","url":"https:\/\/kultur-mitte.de\/wp-content\/uploads\/2025\/08\/1.jpg","contentUrl":"https:\/\/kultur-mitte.de\/wp-content\/uploads\/2025\/08\/1.jpg","width":1920,"height":2400,"caption":"Bild: Christof Zwiener"},{"@type":"BreadcrumbList","@id":"https:\/\/kultur-mitte.de\/en\/events\/kisr-kunst-im-stadtraum-leipziger-strase\/urban-nature-in-dialogue-talk-with-dr-jennifer-schulz-at-the-tiny-forest-gertraudenhain\/#breadcrumb","itemListElement":[{"@type":"ListItem","position":1,"name":"Home","item":"https:\/\/kultur-mitte.de\/en\/"},{"@type":"ListItem","position":2,"name":"Termine","item":"https:\/\/kultur-mitte.de\/en\/events\/"},{"@type":"ListItem","position":3,"name":"KISR \u2013 Kunst im Stadtraum Leipziger Stra\u00dfe","item":"https:\/\/kultur-mitte.de\/en\/events\/kisr-kunst-im-stadtraum-an-der-leipziger-strasse-2\/"},{"@type":"ListItem","position":4,"name":"Urban nature in dialogue: Talk with Dr. Jennifer Schulz at the Tiny Forest Gertraudenhain"}]},{"@type":"WebSite","@id":"https:\/\/kultur-mitte.de\/en\/#website","url":"https:\/\/kultur-mitte.de\/en\/","name":"Kultur Mitte","description":"","potentialAction":[{"@type":"SearchAction","target":{"@type":"EntryPoint","urlTemplate":"https:\/\/kultur-mitte.de\/en\/?s={search_term_string}"},"query-input":{"@type":"PropertyValueSpecification","valueRequired":true,"valueName":"search_term_string"}}],"inLanguage":"en-US"}]}},"_links":{"self":[{"href":"https:\/\/kultur-mitte.de\/en\/wp-json\/wp\/v2\/ct_events\/26344","targetHints":{"allow":["GET"]}}],"collection":[{"href":"https:\/\/kultur-mitte.de\/en\/wp-json\/wp\/v2\/ct_events"}],"about":[{"href":"https:\/\/kultur-mitte.de\/en\/wp-json\/wp\/v2\/types\/ct_events"}],"author":[{"embeddable":true,"href":"https:\/\/kultur-mitte.de\/en\/wp-json\/wp\/v2\/users\/23"}],"replies":[{"embeddable":true,"href":"https:\/\/kultur-mitte.de\/en\/wp-json\/wp\/v2\/comments?post=26344"}],"version-history":[{"count":1,"href":"https:\/\/kultur-mitte.de\/en\/wp-json\/wp\/v2\/ct_events\/26344\/revisions"}],"predecessor-version":[{"id":26345,"href":"https:\/\/kultur-mitte.de\/en\/wp-json\/wp\/v2\/ct_events\/26344\/revisions\/26345"}],"up":[{"embeddable":true,"href":"https:\/\/kultur-mitte.de\/en\/wp-json\/wp\/v2\/ct_events\/25847"}],"wp:featuredmedia":[{"embeddable":true,"href":"https:\/\/kultur-mitte.de\/en\/wp-json\/wp\/v2\/media\/26342"}],"wp:attachment":[{"href":"https:\/\/kultur-mitte.de\/en\/wp-json\/wp\/v2\/media?parent=26344"}],"wp:term":[{"taxonomy":"events_cat","embeddable":true,"href":"https:\/\/kultur-mitte.de\/en\/wp-json\/wp\/v2\/events_cat?post=26344"}],"curies":[{"name":"wp","href":"https:\/\/api.w.org\/{rel}","templated":true}]}}