{"id":28600,"date":"2024-07-24T11:48:50","date_gmt":"2024-07-24T09:48:50","guid":{"rendered":"https:\/\/kultur-mitte.de\/events\/"},"modified":"2026-04-13T09:28:03","modified_gmt":"2026-04-13T07:28:03","slug":"termine","status":"publish","type":"page","link":"https:\/\/kultur-mitte.de\/en\/termine\/","title":{"rendered":"Events"},"content":{"rendered":"\n<div data-element=\"km-termine-teaser\" id=\"km-custom-block_40105afbf72bd34d2bb0d2d590b90980\" >\n    \n        \n    <div class=\"list-termine content-side-padding-negate mb-0 mt-md-5 mb-md-0\">\n        <div class=\"content-side-padding-negate-inner\">\n            <div class=\"row\">\n                <div class=\"col-24\">\n                    <h2 class=\"magazin-teaser-text mt-0 mt-md-4\">Events<\/h2>\n                <\/div>\n            <\/div>\n        <\/div>\n                                                                                                                                                                                                                                                                                                                                                                                                                                                                                                                                                                                                                                                                                                                                                                                                                                                                                                                                                                                                                                                                                                                                                                                                                                                                                                                                                                                                                                                                                                                                                                                                                                                                                                                                                                                                                                                                                                                                                                                                                                                                                                                                                                                                                                                                                                                                                                                                                                                                                                                                                                                                                                                                                                                                                                                                                                                                                                                                                                                                                                                                                                                                                                                                                                                                                                                                                                                                                                                                                                                                                                                                                                                                                                                                                                                                                                                                                                                                                            <div class=\"event-teaser-wrap\">\n                                                                                                                            <div class=\"event-teaser \">\n    <div data-id=\"opening-behold-god-in-all-that-exists-in-his-name\" class=\"expander default-opened external-link hover-bg-event-teaser bg-md-transparent \">\n        <div class=\"content-side-padding-negate-inner \">\n            <div class=\"py-3 py-md-3 py-lg-4 py-xl-5\">\n                                    <div class=\"row\">\n                        <div class=\"col-24\">\n                            <div class=\"mb-0 mb-md-2 font-mono small text-uppercase no-select\">\n                                                                                                                                                        Klosterruine |\n                                                                                                                                            Opening\n                            <\/div>\n                        <\/div>\n                    <\/div>\n                                <div class=\"row\">\n                    <div class=\"col-24 col-md-8 col-lg-7 col-sxl-8\">\n                        <div class=\"magazin-teaser-text mb-0 mb-md-2 no-select\">\n                            <span class=\"ws-nowrap\">13.5.26<\/span>,                                                            <span class=\"ws-nowrap\">18:00h<\/span>\n                                                    <\/div>\n                    <\/div>\n                    <div class=\"col-24 col-md-16 col-lg-17 col-sxl-16\">\n                        <div class=\"magazin-teaser-text lh-1_1 mb-0 mb-md-2 pr-md-3 no-select\">\n                                                        Opening: BEHOLD GOD IN ALL THAT EXISTS IN HIS NAME\n                        <\/div>\n                    <\/div>\n                <\/div>\n\n                <div class=\"row expander-content\">\n                    <div class=\"col-24\">\n                        <div class=\"mb-0 pt-3\">\n                            <div class=\"row\">\n                                                                                                                                                                                            <div class=\"col-24 col-md-4 d-inline-block mb-3 mb-md-0\">\n                                            <div class=\"event-teaser-image no-select\">\n                                                <img decoding=\"async\" alt=\"Opening: BEHOLD GOD IN ALL THAT EXISTS IN HIS NAME\"\n                                                     data-sizes=\"auto\"\n                                                     src=\"https:\/\/kultur-mitte.de\/wp-content\/uploads\/2026\/04\/KEYVISUAL_Klosterruine_NazaninNoori_final-2048x1536-1-512x384.jpg\"\n                                                     srcset=\"https:\/\/kultur-mitte.de\/wp-content\/uploads\/2026\/04\/KEYVISUAL_Klosterruine_NazaninNoori_final-2048x1536-1-512x384.jpg 300w, https:\/\/kultur-mitte.de\/wp-content\/uploads\/2026\/04\/KEYVISUAL_Klosterruine_NazaninNoori_final-2048x1536-1-512x384.jpg 600w, https:\/\/kultur-mitte.de\/wp-content\/uploads\/2026\/04\/KEYVISUAL_Klosterruine_NazaninNoori_final-2048x1536-1-512x384.jpg 1200w, https:\/\/kultur-mitte.de\/wp-content\/uploads\/2026\/04\/KEYVISUAL_Klosterruine_NazaninNoori_final-2048x1536-1-512x384.jpg 3000w\"\n                                                     class=\"lazyload d-block\" \/>\n                                            <\/div>\n                                        <\/div>\n                                                                                                    <div class=\"col-24 col-md-20 event-teaser-text d-inline\">\n                                    <div class=\"last-child-p-m0\">\n                                                                                                                                                                                                                                                                                                                                                                                                                                                                                                                                                                                                                                <p>\n<br>For the 2026\/27 programme year, artist Nazanin Noori was selected by an independent expert jury. In her site-specific work, she engages with the monastery ruins as a former sacred space, tracing the layers of transformation embedded within them.<\/p>\n                                                                                                                <\/div>\n                                    <div class=\"d-flex justify-content-start\">\n                                        <a href=\"https:\/\/klosterruine.berlin\/en\/program\/behold-god-in-all-that-exists-in-his-name\"\n                                           target=\"_blank\"                                           class=\"d-flex btn btn-md btn-outline-dark mt-4 mb-2\"\n                                           rel=\"nofollow\">\n                                            Show Event\n                                        <\/a>\n                                    <\/div>\n                                <\/div>\n                            <\/div>\n                        <\/div>\n                    <\/div>\n                <\/div>\n            <\/div>\n        <\/div>\n    <\/div>\n<\/div>\n                                    <\/div>\n                                                <div class=\"event-teaser-wrap\">\n                                                                                                                        <div class=\"event-teaser \">\n    <div data-id=\"sunday-art-makers-family-tours-rundgang-durch-das-mittelalterliche-berlin\" class=\"expander default-opened hover-bg-event-teaser bg-md-transparent \">\n        <div class=\"content-side-padding-negate-inner \">\n            <div class=\"py-3 py-md-3 py-lg-4 py-xl-5\">\n                                    <div class=\"row\">\n                        <div class=\"col-24\">\n                            <div class=\"mb-0 mb-md-2 font-mono small text-uppercase no-select\">\n                                                                                                                                                        Klosterruine Berlin |\n                                                                                                                                            Stadtrundgang\n                            <\/div>\n                        <\/div>\n                    <\/div>\n                                <div class=\"row\">\n                    <div class=\"col-24 col-md-8 col-lg-7 col-sxl-8\">\n                        <div class=\"magazin-teaser-text mb-0 mb-md-2 no-select\">\n                            <span class=\"ws-nowrap\">17.5.26<\/span>,                                                            <span class=\"ws-nowrap\">14:30h &#8211; 16:00h<\/span>\n                                                    <\/div>\n                    <\/div>\n                    <div class=\"col-24 col-md-16 col-lg-17 col-sxl-16\">\n                        <div class=\"magazin-teaser-text lh-1_1 mb-0 mb-md-2 pr-md-3 no-select\">\n                                                        Sunday Art Makers Family Tours: Rundgang durch das mittelalterliche Berlin\n                        <\/div>\n                    <\/div>\n                <\/div>\n\n                <div class=\"row expander-content\">\n                    <div class=\"col-24\">\n                        <div class=\"mb-0 pt-3\">\n                            <div class=\"row\">\n                                                                                                                                                                                            <div class=\"col-24 col-md-4 d-inline-block mb-3 mb-md-0\">\n                                            <div class=\"event-teaser-image no-select\">\n                                                <img decoding=\"async\" alt=\"Grundriss der beiden kurf\u00fcrstlichen Residenzst\u00e4dte Berlin und C\u00f6lln, Johann Gregor Memhardt, 1652, Bild: Wikimedia Commons\"\n                                                     data-sizes=\"auto\"\n                                                     src=\"https:\/\/kultur-mitte.de\/wp-content\/uploads\/2025\/05\/02historische_Karte_Franziskanerkloster_Archiv_Landesdenkmalamt-Berlin-2048x1532-1-512x383.jpg\"\n                                                     srcset=\"https:\/\/kultur-mitte.de\/wp-content\/uploads\/2025\/05\/02historische_Karte_Franziskanerkloster_Archiv_Landesdenkmalamt-Berlin-2048x1532-1-512x383.jpg 300w, https:\/\/kultur-mitte.de\/wp-content\/uploads\/2025\/05\/02historische_Karte_Franziskanerkloster_Archiv_Landesdenkmalamt-Berlin-2048x1532-1-512x383.jpg 600w, https:\/\/kultur-mitte.de\/wp-content\/uploads\/2025\/05\/02historische_Karte_Franziskanerkloster_Archiv_Landesdenkmalamt-Berlin-2048x1532-1-512x383.jpg 1200w, https:\/\/kultur-mitte.de\/wp-content\/uploads\/2025\/05\/02historische_Karte_Franziskanerkloster_Archiv_Landesdenkmalamt-Berlin-2048x1532-1-512x383.jpg 3000w\"\n                                                     class=\"lazyload d-block\" \/>\n                                            <\/div>\n                                        <\/div>\n                                                                                                    <div class=\"col-24 col-md-20 event-teaser-text d-inline\">\n                                    <div class=\"last-child-p-m0\">\n                                                                                                                                                                                                                                                                                                                                                                                                                                                                                                                                                                                                                                <p>\nUnter dem neuen Namen Sunday Art Makers (SAM) Family Tours startet eine neue Vermittlungsreihe in den kommunalen Galerien Mitte. Entdeckt jeden dritten Sonntag im Monat gemeinsam mit eurer Familie die Geschichte des mittelalterlichen Berlins auf spielerische Weise. Die Arch\u00e4ologin Claudia M. Melisch nimmt mit auf eine Zeitreise in den alten Stadtkern.<\/p>\n                                                                                                                <\/div>\n                                    <div class=\"d-flex justify-content-start\">\n                                        <a href=\"https:\/\/kultur-mitte.de\/en\/events\/sunday-art-makers-family-tours-rundgang-durch-das-mittelalterliche-berlin\/\"\n                                                                                      class=\"d-flex btn btn-md btn-outline-dark mt-4 mb-2\"\n                                           rel=\"nofollow\">\n                                            Show Event\n                                        <\/a>\n                                    <\/div>\n                                <\/div>\n                            <\/div>\n                        <\/div>\n                    <\/div>\n                <\/div>\n            <\/div>\n        <\/div>\n    <\/div>\n<\/div>\n                                    <\/div>\n                                                <div class=\"event-teaser-wrap\">\n                                                                                                                            <div class=\"event-teaser \">\n    <div data-id=\"kunstfuehrung-mit-nazainin-noori-und-alin-daghestani\" class=\"expander default-opened external-link hover-bg-event-teaser bg-md-transparent \">\n        <div class=\"content-side-padding-negate-inner \">\n            <div class=\"py-3 py-md-3 py-lg-4 py-xl-5\">\n                                    <div class=\"row\">\n                        <div class=\"col-24\">\n                            <div class=\"mb-0 mb-md-2 font-mono small text-uppercase no-select\">\n                                                                                                                                                        Klosterruine Berlin |\n                                                                                                                                            F\u00fchrung\n                            <\/div>\n                        <\/div>\n                    <\/div>\n                                <div class=\"row\">\n                    <div class=\"col-24 col-md-8 col-lg-7 col-sxl-8\">\n                        <div class=\"magazin-teaser-text mb-0 mb-md-2 no-select\">\n                            <span class=\"ws-nowrap\">21.5.26<\/span>,                                                            <span class=\"ws-nowrap\">17:00h &#8211; 18:00h<\/span>\n                                                    <\/div>\n                    <\/div>\n                    <div class=\"col-24 col-md-16 col-lg-17 col-sxl-16\">\n                        <div class=\"magazin-teaser-text lh-1_1 mb-0 mb-md-2 pr-md-3 no-select\">\n                                                        Kunstf\u00fchrung mit Nazainin Noori und Alin Daghestani\n                        <\/div>\n                    <\/div>\n                <\/div>\n\n                <div class=\"row expander-content\">\n                    <div class=\"col-24\">\n                        <div class=\"mb-0 pt-3\">\n                            <div class=\"row\">\n                                                                                                                                                                                            <div class=\"col-24 col-md-4 d-inline-block mb-3 mb-md-0\">\n                                            <div class=\"event-teaser-image no-select\">\n                                                <img decoding=\"async\" alt=\"Klosterruine 2016 - Foto Robert Eckstein\"\n                                                     data-sizes=\"auto\"\n                                                     src=\"https:\/\/kultur-mitte.de\/wp-content\/uploads\/2017\/12\/Klosterruine-2016-Foto-Robert-Eckstein-Kopie-512x305.jpg\"\n                                                     srcset=\"https:\/\/kultur-mitte.de\/wp-content\/uploads\/2017\/12\/Klosterruine-2016-Foto-Robert-Eckstein-Kopie-512x305.jpg 300w, https:\/\/kultur-mitte.de\/wp-content\/uploads\/2017\/12\/Klosterruine-2016-Foto-Robert-Eckstein-Kopie-512x305.jpg 600w, https:\/\/kultur-mitte.de\/wp-content\/uploads\/2017\/12\/Klosterruine-2016-Foto-Robert-Eckstein-Kopie-512x305.jpg 1200w, https:\/\/kultur-mitte.de\/wp-content\/uploads\/2017\/12\/Klosterruine-2016-Foto-Robert-Eckstein-Kopie-512x305.jpg 3000w\"\n                                                     class=\"lazyload d-block\" \/>\n                                            <\/div>\n                                        <\/div>\n                                                                                                    <div class=\"col-24 col-md-20 event-teaser-text d-inline\">\n                                    <div class=\"last-child-p-m0\">\n                                                                                                                                                                                                                                                                                                                                                                                                                                                                                                                                                                                                                                <p>\nJeden dritten Donnerstag im Monat, von Mai bis September, f\u00fchrt Alin Daghestani, Programmkoordinatorin und kuratorische Assistenz der Klosterruine, durch das Baudenkmal, stellt die neue ortsspezifische k\u00fcnstlerische Arbeit vor und l\u00e4dt zum anschlie\u00dfenden Gespr\u00e4ch ein.<\/p>\n                                                                                                                <\/div>\n                                    <div class=\"d-flex justify-content-start\">\n                                        <a href=\"https:\/\/klosterruine.berlin\/de\/program\/kunstfuehrung\"\n                                           target=\"_blank\"                                           class=\"d-flex btn btn-md btn-outline-dark mt-4 mb-2\"\n                                           rel=\"nofollow\">\n                                            Show Event\n                                        <\/a>\n                                    <\/div>\n                                <\/div>\n                            <\/div>\n                        <\/div>\n                    <\/div>\n                <\/div>\n            <\/div>\n        <\/div>\n    <\/div>\n<\/div>\n                                    <\/div>\n                                                <div class=\"event-teaser-wrap\">\n                                                                                                                            <div class=\"event-teaser \">\n    <div data-id=\"opening-umbennen\" class=\"expander default-opened external-link hover-bg-event-teaser bg-md-transparent \">\n        <div class=\"content-side-padding-negate-inner \">\n            <div class=\"py-3 py-md-3 py-lg-4 py-xl-5\">\n                                    <div class=\"row\">\n                        <div class=\"col-24\">\n                            <div class=\"mb-0 mb-md-2 font-mono small text-uppercase no-select\">\n                                                                                                                                                        Mitte Museum |\n                                                                                                                                            Opening\n                            <\/div>\n                        <\/div>\n                    <\/div>\n                                <div class=\"row\">\n                    <div class=\"col-24 col-md-8 col-lg-7 col-sxl-8\">\n                        <div class=\"magazin-teaser-text mb-0 mb-md-2 no-select\">\n                            <span class=\"ws-nowrap\">21.5.26<\/span>,                                                            <span class=\"ws-nowrap\">18:00h<\/span>\n                                                    <\/div>\n                    <\/div>\n                    <div class=\"col-24 col-md-16 col-lg-17 col-sxl-16\">\n                        <div class=\"magazin-teaser-text lh-1_1 mb-0 mb-md-2 pr-md-3 no-select\">\n                                                        Opening \u00bbumbennen?!\u00ab\n                        <\/div>\n                    <\/div>\n                <\/div>\n\n                <div class=\"row expander-content\">\n                    <div class=\"col-24\">\n                        <div class=\"mb-0 pt-3\">\n                            <div class=\"row\">\n                                                                                                                                                                                            <div class=\"col-24 col-md-4 d-inline-block mb-3 mb-md-0\">\n                                            <div class=\"event-teaser-image no-select\">\n                                                <img decoding=\"async\" alt=\"Opening \u00bbumbennen?!\u00ab\"\n                                                     data-sizes=\"auto\"\n                                                     src=\"https:\/\/kultur-mitte.de\/wp-content\/uploads\/2026\/04\/Mitte_Bild1_lila-1-512x717.jpg\"\n                                                     srcset=\"https:\/\/kultur-mitte.de\/wp-content\/uploads\/2026\/04\/Mitte_Bild1_lila-1-512x717.jpg 300w, https:\/\/kultur-mitte.de\/wp-content\/uploads\/2026\/04\/Mitte_Bild1_lila-1-512x717.jpg 600w, https:\/\/kultur-mitte.de\/wp-content\/uploads\/2026\/04\/Mitte_Bild1_lila-1-512x717.jpg 1200w, https:\/\/kultur-mitte.de\/wp-content\/uploads\/2026\/04\/Mitte_Bild1_lila-1-512x717.jpg 3000w\"\n                                                     class=\"lazyload d-block\" \/>\n                                            <\/div>\n                                        <\/div>\n                                                                                                    <div class=\"col-24 col-md-20 event-teaser-text d-inline\">\n                                    <div class=\"last-child-p-m0\">\n                                                                                                                                                                                                                                                                                                                                                                                                                                                                                                                                                                                                                                <p>\nAs an inner-city district that unites former East and West Berlin boroughs, Mitte looks back on a turbulent history that is also reflected in the large number of street renamings. The regional historical focus of the \u201crename?!\u201d exhibition is therefore on continuities, ruptures, and the possibilities for participation in renaming processes. <\/p>\n                                                                                                                <\/div>\n                                    <div class=\"d-flex justify-content-start\">\n                                        <a href=\"https:\/\/umbenennen.berlin\/mitte\/\"\n                                           target=\"_blank\"                                           class=\"d-flex btn btn-md btn-outline-dark mt-4 mb-2\"\n                                           rel=\"nofollow\">\n                                            Show Event\n                                        <\/a>\n                                    <\/div>\n                                <\/div>\n                            <\/div>\n                        <\/div>\n                    <\/div>\n                <\/div>\n            <\/div>\n        <\/div>\n    <\/div>\n<\/div>\n                                    <\/div>\n                                                <div class=\"event-teaser-wrap\">\n                                                                                                                            <div class=\"event-teaser \">\n    <div data-id=\"opening-die-gesiezte-tochter-my-total-deconstruction-of-an-armenian-family\" class=\"expander default-opened external-link hover-bg-event-teaser bg-md-transparent \">\n        <div class=\"content-side-padding-negate-inner \">\n            <div class=\"py-3 py-md-3 py-lg-4 py-xl-5\">\n                                    <div class=\"row\">\n                        <div class=\"col-24\">\n                            <div class=\"mb-0 mb-md-2 font-mono small text-uppercase no-select\">\n                                                                                                                                                        Galerie Wedding |\n                                                                                                                                            Opening\n                            <\/div>\n                        <\/div>\n                    <\/div>\n                                <div class=\"row\">\n                    <div class=\"col-24 col-md-8 col-lg-7 col-sxl-8\">\n                        <div class=\"magazin-teaser-text mb-0 mb-md-2 no-select\">\n                            <span class=\"ws-nowrap\">21.5.26<\/span>,                                                            <span class=\"ws-nowrap\">19:00h<\/span>\n                                                    <\/div>\n                    <\/div>\n                    <div class=\"col-24 col-md-16 col-lg-17 col-sxl-16\">\n                        <div class=\"magazin-teaser-text lh-1_1 mb-0 mb-md-2 pr-md-3 no-select\">\n                                                        Opening \u00bbDie gesiezte Tochter. My Total Deconstruction of an Armenian Family\u00ab\n                        <\/div>\n                    <\/div>\n                <\/div>\n\n                <div class=\"row expander-content\">\n                    <div class=\"col-24\">\n                        <div class=\"mb-0 pt-3\">\n                            <div class=\"row\">\n                                                                                                                                                                                            <div class=\"col-24 col-md-4 d-inline-block mb-3 mb-md-0\">\n                                            <div class=\"event-teaser-image no-select\">\n                                                <img decoding=\"async\" alt=\"Opening \u00bbDie gesiezte Tochter. My Total Deconstruction of an Armenian Family\u00ab\"\n                                                     data-sizes=\"auto\"\n                                                     src=\"https:\/\/kultur-mitte.de\/wp-content\/uploads\/2026\/04\/Moumdjian_Einfaerbungen-267x400-1.webp\"\n                                                     srcset=\"https:\/\/kultur-mitte.de\/wp-content\/uploads\/2026\/04\/Moumdjian_Einfaerbungen-267x400-1.webp 300w, https:\/\/kultur-mitte.de\/wp-content\/uploads\/2026\/04\/Moumdjian_Einfaerbungen-267x400-1.webp 600w, https:\/\/kultur-mitte.de\/wp-content\/uploads\/2026\/04\/Moumdjian_Einfaerbungen-267x400-1.webp 1200w, https:\/\/kultur-mitte.de\/wp-content\/uploads\/2026\/04\/Moumdjian_Einfaerbungen-267x400-1.webp 3000w\"\n                                                     class=\"lazyload d-block\" \/>\n                                            <\/div>\n                                        <\/div>\n                                                                                                    <div class=\"col-24 col-md-20 event-teaser-text d-inline\">\n                                    <div class=\"last-child-p-m0\">\n                                                                                                                                                                                                                                                                                                                                                                                                                                                                                                                                                                                                                                                                                                                        <p>\nAn Exhibition by Beatrice Moumdjian. Moumdjian\u2019s artistic practice combines autobiographical research with a critical perspective on history and its modes of transmission. Her work reveals how closely personal life stories are intertwined with political and historical processes, and how these entanglements can be examined, shifted, and rearticulated through artistic means.<\/p>\n                                                                                                                <\/div>\n                                    <div class=\"d-flex justify-content-start\">\n                                        <a href=\"https:\/\/galeriewedding.de\/die-gesiezte-tochter-my-total-deconstruction-of-an-armenian-family\/\"\n                                           target=\"_blank\"                                           class=\"d-flex btn btn-md btn-outline-dark mt-4 mb-2\"\n                                           rel=\"nofollow\">\n                                            Show Event\n                                        <\/a>\n                                    <\/div>\n                                <\/div>\n                            <\/div>\n                        <\/div>\n                    <\/div>\n                <\/div>\n            <\/div>\n        <\/div>\n    <\/div>\n<\/div>\n                                    <\/div>\n                                                <div class=\"event-teaser-wrap\">\n                                                                                                                        <div class=\"event-teaser \">\n    <div data-id=\"sunday-art-makers-family-tours-rundgang-durch-das-mittelalterliche-berlin-2\" class=\"expander default-opened hover-bg-event-teaser bg-md-transparent \">\n        <div class=\"content-side-padding-negate-inner \">\n            <div class=\"py-3 py-md-3 py-lg-4 py-xl-5\">\n                                    <div class=\"row\">\n                        <div class=\"col-24\">\n                            <div class=\"mb-0 mb-md-2 font-mono small text-uppercase no-select\">\n                                                                                                                                                        Klosterruine Berlin |\n                                                                                                                                            Stadtrundgang\n                            <\/div>\n                        <\/div>\n                    <\/div>\n                                <div class=\"row\">\n                    <div class=\"col-24 col-md-8 col-lg-7 col-sxl-8\">\n                        <div class=\"magazin-teaser-text mb-0 mb-md-2 no-select\">\n                            <span class=\"ws-nowrap\">21.6.26<\/span>,                                                            <span class=\"ws-nowrap\">14:30h &#8211; 16:00h<\/span>\n                                                    <\/div>\n                    <\/div>\n                    <div class=\"col-24 col-md-16 col-lg-17 col-sxl-16\">\n                        <div class=\"magazin-teaser-text lh-1_1 mb-0 mb-md-2 pr-md-3 no-select\">\n                                                        Sunday Art Makers Family Tours: Rundgang durch das mittelalterliche Berlin\n                        <\/div>\n                    <\/div>\n                <\/div>\n\n                <div class=\"row expander-content\">\n                    <div class=\"col-24\">\n                        <div class=\"mb-0 pt-3\">\n                            <div class=\"row\">\n                                                                                                                                                                                            <div class=\"col-24 col-md-4 d-inline-block mb-3 mb-md-0\">\n                                            <div class=\"event-teaser-image no-select\">\n                                                <img decoding=\"async\" alt=\"Grundriss der beiden kurf\u00fcrstlichen Residenzst\u00e4dte Berlin und C\u00f6lln, Johann Gregor Memhardt, 1652, Bild: Wikimedia Commons\"\n                                                     data-sizes=\"auto\"\n                                                     src=\"https:\/\/kultur-mitte.de\/wp-content\/uploads\/2025\/05\/02historische_Karte_Franziskanerkloster_Archiv_Landesdenkmalamt-Berlin-2048x1532-1-512x383.jpg\"\n                                                     srcset=\"https:\/\/kultur-mitte.de\/wp-content\/uploads\/2025\/05\/02historische_Karte_Franziskanerkloster_Archiv_Landesdenkmalamt-Berlin-2048x1532-1-512x383.jpg 300w, https:\/\/kultur-mitte.de\/wp-content\/uploads\/2025\/05\/02historische_Karte_Franziskanerkloster_Archiv_Landesdenkmalamt-Berlin-2048x1532-1-512x383.jpg 600w, https:\/\/kultur-mitte.de\/wp-content\/uploads\/2025\/05\/02historische_Karte_Franziskanerkloster_Archiv_Landesdenkmalamt-Berlin-2048x1532-1-512x383.jpg 1200w, https:\/\/kultur-mitte.de\/wp-content\/uploads\/2025\/05\/02historische_Karte_Franziskanerkloster_Archiv_Landesdenkmalamt-Berlin-2048x1532-1-512x383.jpg 3000w\"\n                                                     class=\"lazyload d-block\" \/>\n                                            <\/div>\n                                        <\/div>\n                                                                                                    <div class=\"col-24 col-md-20 event-teaser-text d-inline\">\n                                    <div class=\"last-child-p-m0\">\n                                                                                                                                                                                                                                                                                                                                                                                                                                                                                                                                                                                                                                                                                                                        <p>\nUnter dem neuen Namen Sunday Art Makers (SAM) Family Tours startet eine neue Vermittlungsreihe in den kommunalen Galerien Mitte. Entdeckt jeden dritten Sonntag im Monat gemeinsam mit eurer Familie die Geschichte des mittelalterlichen Berlins auf spielerische Weise. Die Arch\u00e4ologin Claudia M. Melisch nimmt mit auf eine Zeitreise in den alten Stadtkern.<\/p>\n                                                                                                                <\/div>\n                                    <div class=\"d-flex justify-content-start\">\n                                        <a href=\"https:\/\/kultur-mitte.de\/en\/events\/sunday-art-makers-family-tours-rundgang-durch-das-mittelalterliche-berlin-2\/\"\n                                                                                      class=\"d-flex btn btn-md btn-outline-dark mt-4 mb-2\"\n                                           rel=\"nofollow\">\n                                            Show Event\n                                        <\/a>\n                                    <\/div>\n                                <\/div>\n                            <\/div>\n                        <\/div>\n                    <\/div>\n                <\/div>\n            <\/div>\n        <\/div>\n    <\/div>\n<\/div>\n                                    <\/div>\n                        <\/div>\n\n        \n                \n    <\/div>\n\n\n\n<div data-element=\"km-termine-teaser\" id=\"km-custom-block_0e9e7305cd54e71a0b4f8a7014d7e29d\" >\n    \n        \n    <div class=\"list-termine content-side-padding-negate mb-0 mt-md-5 mb-md-0\">\n        <div class=\"content-side-padding-negate-inner\">\n            <div class=\"row\">\n                <div class=\"col-24\">\n                    <h2 class=\"magazin-teaser-text mt-0 mt-md-4\">Exhibitions<\/h2>\n                <\/div>\n            <\/div>\n        <\/div>\n                                            <div class=\"event-teaser-wrap\">\n                                                                                                                                <div class=\"event-teaser \">\n    <div data-id=\"umbennen-exhibition-project-on-the-history-of-berlin-street-names\" class=\"expander default-opened external-link hover-bg-event-teaser bg-md-transparent \">\n        <div class=\"content-side-padding-negate-inner \">\n            <div class=\"py-3 py-md-3 py-lg-4 py-xl-5\">\n                                    <div class=\"row\">\n                        <div class=\"col-24\">\n                            <div class=\"mb-0 mb-md-2 font-mono small text-uppercase no-select\">\n                                                                                                                                                        Mitte Museum |\n                                                                                                                                            Exhibition\n                            <\/div>\n                        <\/div>\n                    <\/div>\n                                <div class=\"row\">\n                    <div class=\"col-24 col-md-8 col-lg-7 col-sxl-8\">\n                        <div class=\"magazin-teaser-text mb-0 mb-md-2 no-select\">\n                            <span class=\"ws-nowrap\">22.5.26 \u2014 27.9.26<\/span>                                                    <\/div>\n                    <\/div>\n                    <div class=\"col-24 col-md-16 col-lg-17 col-sxl-16\">\n                        <div class=\"magazin-teaser-text lh-1_1 mb-0 mb-md-2 pr-md-3 no-select\">\n                                                        umbennen? Exhibition project on the history of Berlin street names\n                        <\/div>\n                    <\/div>\n                <\/div>\n\n                <div class=\"row expander-content\">\n                    <div class=\"col-24\">\n                        <div class=\"mb-0 pt-3\">\n                            <div class=\"row\">\n                                                                                                                                                                                            <div class=\"col-24 col-md-4 d-inline-block mb-3 mb-md-0\">\n                                            <div class=\"event-teaser-image no-select\">\n                                                <img decoding=\"async\" alt=\"umbennen? Exhibition project on the history of Berlin street names\"\n                                                     data-sizes=\"auto\"\n                                                     src=\"https:\/\/kultur-mitte.de\/wp-content\/uploads\/2026\/04\/Mitte_Bild1_lila-1-512x717.jpg\"\n                                                     srcset=\"https:\/\/kultur-mitte.de\/wp-content\/uploads\/2026\/04\/Mitte_Bild1_lila-1-512x717.jpg 300w, https:\/\/kultur-mitte.de\/wp-content\/uploads\/2026\/04\/Mitte_Bild1_lila-1-512x717.jpg 600w, https:\/\/kultur-mitte.de\/wp-content\/uploads\/2026\/04\/Mitte_Bild1_lila-1-512x717.jpg 1200w, https:\/\/kultur-mitte.de\/wp-content\/uploads\/2026\/04\/Mitte_Bild1_lila-1-512x717.jpg 3000w\"\n                                                     class=\"lazyload d-block\" \/>\n                                            <\/div>\n                                        <\/div>\n                                                                                                    <div class=\"col-24 col-md-20 event-teaser-text d-inline\">\n                                    <div class=\"last-child-p-m0\">\n                                                                                                                                                                                                                                                                                                                                                                                                                                                                                                                                                                                                                                <p>\nAs an inner-city district that unites former East and West Berlin boroughs, Mitte looks back on a turbulent history that is also reflected in the large number of street renamings. The regional historical focus of the \u201crename?!\u201d exhibition is therefore on continuities, ruptures, and the possibilities for participation in renaming processes. <\/p>\n                                                                                                                <\/div>\n                                    <div class=\"d-flex justify-content-start\">\n                                        <a href=\"https:\/\/umbenennen.berlin\/mitte\/\"\n                                           target=\"_blank\"                                           class=\"d-flex btn btn-md btn-outline-dark mt-4 mb-2\"\n                                           rel=\"nofollow\">\n                                            Show Event\n                                        <\/a>\n                                    <\/div>\n                                <\/div>\n                            <\/div>\n                        <\/div>\n                    <\/div>\n                <\/div>\n            <\/div>\n        <\/div>\n    <\/div>\n<\/div>\n                                                                                                            <\/div>\n                                                <div class=\"event-teaser-wrap\">\n                                                                                                                                <div class=\"event-teaser \">\n    <div data-id=\"die-gesiezte-tochter-my-total-deconstruction-of-an-armenian-family\" class=\"expander default-opened external-link hover-bg-event-teaser bg-md-transparent \">\n        <div class=\"content-side-padding-negate-inner \">\n            <div class=\"py-3 py-md-3 py-lg-4 py-xl-5\">\n                                    <div class=\"row\">\n                        <div class=\"col-24\">\n                            <div class=\"mb-0 mb-md-2 font-mono small text-uppercase no-select\">\n                                                                                                                                                        Galerie Wedding |\n                                                                                                                                            Exhibition\n                            <\/div>\n                        <\/div>\n                    <\/div>\n                                <div class=\"row\">\n                    <div class=\"col-24 col-md-8 col-lg-7 col-sxl-8\">\n                        <div class=\"magazin-teaser-text mb-0 mb-md-2 no-select\">\n                            <span class=\"ws-nowrap\">22.5.26 \u2014 9.8.26<\/span>                                                    <\/div>\n                    <\/div>\n                    <div class=\"col-24 col-md-16 col-lg-17 col-sxl-16\">\n                        <div class=\"magazin-teaser-text lh-1_1 mb-0 mb-md-2 pr-md-3 no-select\">\n                                                        \u00bbDie gesiezte Tochter. My Total Deconstruction of an Armenian Family\u00ab\n                        <\/div>\n                    <\/div>\n                <\/div>\n\n                <div class=\"row expander-content\">\n                    <div class=\"col-24\">\n                        <div class=\"mb-0 pt-3\">\n                            <div class=\"row\">\n                                                                                                                                                                                            <div class=\"col-24 col-md-4 d-inline-block mb-3 mb-md-0\">\n                                            <div class=\"event-teaser-image no-select\">\n                                                <img decoding=\"async\" alt=\"\u00bbDie gesiezte Tochter. My Total Deconstruction of an Armenian Family\u00ab\"\n                                                     data-sizes=\"auto\"\n                                                     src=\"https:\/\/kultur-mitte.de\/wp-content\/uploads\/2026\/04\/Moumdjian_Einfaerbungen-267x400-1.webp\"\n                                                     srcset=\"https:\/\/kultur-mitte.de\/wp-content\/uploads\/2026\/04\/Moumdjian_Einfaerbungen-267x400-1.webp 300w, https:\/\/kultur-mitte.de\/wp-content\/uploads\/2026\/04\/Moumdjian_Einfaerbungen-267x400-1.webp 600w, https:\/\/kultur-mitte.de\/wp-content\/uploads\/2026\/04\/Moumdjian_Einfaerbungen-267x400-1.webp 1200w, https:\/\/kultur-mitte.de\/wp-content\/uploads\/2026\/04\/Moumdjian_Einfaerbungen-267x400-1.webp 3000w\"\n                                                     class=\"lazyload d-block\" \/>\n                                            <\/div>\n                                        <\/div>\n                                                                                                    <div class=\"col-24 col-md-20 event-teaser-text d-inline\">\n                                    <div class=\"last-child-p-m0\">\n                                                                                                                                                                                                                                                                                                                                                                                                                                                                                                                                                                                                                                                                                                                                                                                                                <p>\nAn Exhibition by Beatrice Moumdjian.<br>Moumdjian\u2019s artistic practice combines autobiographical research with a critical perspective on history and its modes of transmission. Her work reveals how closely personal life stories are intertwined with political and historical processes, and how these entanglements can be examined, shifted, and rearticulated through artistic means.<\/p>\n                                                                                                                <\/div>\n                                    <div class=\"d-flex justify-content-start\">\n                                        <a href=\"https:\/\/galeriewedding.de\/die-gesiezte-tochter-my-total-deconstruction-of-an-armenian-family\/\"\n                                           target=\"_blank\"                                           class=\"d-flex btn btn-md btn-outline-dark mt-4 mb-2\"\n                                           rel=\"nofollow\">\n                                            Show Event\n                                        <\/a>\n                                    <\/div>\n                                <\/div>\n                            <\/div>\n                        <\/div>\n                    <\/div>\n                <\/div>\n            <\/div>\n        <\/div>\n    <\/div>\n<\/div>\n                                                                                                            <\/div>\n                                                <div class=\"event-teaser-wrap\">\n                                                                                                                                <div class=\"event-teaser \">\n    <div data-id=\"behold-god-in-all-that-exists-in-his-name\" class=\"expander default-opened external-link hover-bg-event-teaser bg-md-transparent \">\n        <div class=\"content-side-padding-negate-inner \">\n            <div class=\"py-3 py-md-3 py-lg-4 py-xl-5\">\n                                    <div class=\"row\">\n                        <div class=\"col-24\">\n                            <div class=\"mb-0 mb-md-2 font-mono small text-uppercase no-select\">\n                                                                                                                                                        Klosterruine |\n                                                                                                                                            Exhibition\n                            <\/div>\n                        <\/div>\n                    <\/div>\n                                <div class=\"row\">\n                    <div class=\"col-24 col-md-8 col-lg-7 col-sxl-8\">\n                        <div class=\"magazin-teaser-text mb-0 mb-md-2 no-select\">\n                            <span class=\"ws-nowrap\">14.5.26 \u2014 25.4.27<\/span>                                                    <\/div>\n                    <\/div>\n                    <div class=\"col-24 col-md-16 col-lg-17 col-sxl-16\">\n                        <div class=\"magazin-teaser-text lh-1_1 mb-0 mb-md-2 pr-md-3 no-select\">\n                                                        BEHOLD GOD IN ALL THAT EXISTS IN HIS NAME\n                        <\/div>\n                    <\/div>\n                <\/div>\n\n                <div class=\"row expander-content\">\n                    <div class=\"col-24\">\n                        <div class=\"mb-0 pt-3\">\n                            <div class=\"row\">\n                                                                                                                                                                                            <div class=\"col-24 col-md-4 d-inline-block mb-3 mb-md-0\">\n                                            <div class=\"event-teaser-image no-select\">\n                                                <img decoding=\"async\" alt=\"BEHOLD GOD IN ALL THAT EXISTS IN HIS NAME\"\n                                                     data-sizes=\"auto\"\n                                                     src=\"https:\/\/kultur-mitte.de\/wp-content\/uploads\/2026\/04\/KEYVISUAL_Klosterruine_NazaninNoori_final-2048x1536-1-512x384.jpg\"\n                                                     srcset=\"https:\/\/kultur-mitte.de\/wp-content\/uploads\/2026\/04\/KEYVISUAL_Klosterruine_NazaninNoori_final-2048x1536-1-512x384.jpg 300w, https:\/\/kultur-mitte.de\/wp-content\/uploads\/2026\/04\/KEYVISUAL_Klosterruine_NazaninNoori_final-2048x1536-1-512x384.jpg 600w, https:\/\/kultur-mitte.de\/wp-content\/uploads\/2026\/04\/KEYVISUAL_Klosterruine_NazaninNoori_final-2048x1536-1-512x384.jpg 1200w, https:\/\/kultur-mitte.de\/wp-content\/uploads\/2026\/04\/KEYVISUAL_Klosterruine_NazaninNoori_final-2048x1536-1-512x384.jpg 3000w\"\n                                                     class=\"lazyload d-block\" \/>\n                                            <\/div>\n                                        <\/div>\n                                                                                                    <div class=\"col-24 col-md-20 event-teaser-text d-inline\">\n                                    <div class=\"last-child-p-m0\">\n                                                                                                                                                                                                                                                                                                                                                                                                                                                                                                                                                                                                                                                                                                                                                                                                                                                                                                                                                                                                                                                                                                                                                                                                                                                                                                                                                                                                                                                        <p>\nis a site-specific installation by Nazanin Noori at the Klosterruine Berlin. It connects the historical space of the former religious building with questions of religious affiliation, power structures, public perception, and diverse conceptions of the divine. As a relic of a sacred site, the Klosterruine points to the political and social systems that have historically emerged from religious organisation. For centuries, the Berlin Franciscan monastery functioned as a space in which spiritual practices\u2014both aesthetic and performative\u2014were closely intertwined with urban order and political authority. At the same time, the ruin stands as a marker of repeated destruction and transformation.<\/p>\n                                                                                                                <\/div>\n                                    <div class=\"d-flex justify-content-start\">\n                                        <a href=\"https:\/\/klosterruine.berlin\/en\/program\/behold-god-in-all-that-exists-in-his-name\"\n                                           target=\"_blank\"                                           class=\"d-flex btn btn-md btn-outline-dark mt-4 mb-2\"\n                                           rel=\"nofollow\">\n                                            Show Event\n                                        <\/a>\n                                    <\/div>\n                                <\/div>\n                            <\/div>\n                        <\/div>\n                    <\/div>\n                <\/div>\n            <\/div>\n        <\/div>\n    <\/div>\n<\/div>\n                                                                                                            <\/div>\n                                                <div class=\"event-teaser-wrap\">\n                                                                                                                                <div class=\"event-teaser \">\n    <div data-id=\"mowe-festival-for-art-and-urban-culture\" class=\"expander default-opened external-link hover-bg-event-teaser bg-md-transparent \">\n        <div class=\"content-side-padding-negate-inner \">\n            <div class=\"py-3 py-md-3 py-lg-4 py-xl-5\">\n                                    <div class=\"row\">\n                        <div class=\"col-24\">\n                            <div class=\"mb-0 mb-md-2 font-mono small text-uppercase no-select\">\n                                                                                                            Moabit \/ Wedding |\n                                                                                                    Festival\n                            <\/div>\n                        <\/div>\n                    <\/div>\n                                <div class=\"row\">\n                    <div class=\"col-24 col-md-8 col-lg-7 col-sxl-8\">\n                        <div class=\"magazin-teaser-text mb-0 mb-md-2 no-select\">\n                            <span class=\"ws-nowrap\">8.5.26 \u2014 10.5.26<\/span>                                                    <\/div>\n                    <\/div>\n                    <div class=\"col-24 col-md-16 col-lg-17 col-sxl-16\">\n                        <div class=\"magazin-teaser-text lh-1_1 mb-0 mb-md-2 pr-md-3 no-select\">\n                                                        mowe Festival for Art and Urban Culture\n                        <\/div>\n                    <\/div>\n                <\/div>\n\n                <div class=\"row expander-content\">\n                    <div class=\"col-24\">\n                        <div class=\"mb-0 pt-3\">\n                            <div class=\"row\">\n                                                                                                                                                                                            <div class=\"col-24 col-md-4 d-inline-block mb-3 mb-md-0\">\n                                            <div class=\"event-teaser-image no-select\">\n                                                <img decoding=\"async\" alt=\"Design: Studio itch\"\n                                                     data-sizes=\"auto\"\n                                                     src=\"https:\/\/kultur-mitte.de\/wp-content\/uploads\/2025\/11\/mowe_KickOff-512x320.jpg\"\n                                                     srcset=\"https:\/\/kultur-mitte.de\/wp-content\/uploads\/2025\/11\/mowe_KickOff-512x320.jpg 300w, https:\/\/kultur-mitte.de\/wp-content\/uploads\/2025\/11\/mowe_KickOff-512x320.jpg 600w, https:\/\/kultur-mitte.de\/wp-content\/uploads\/2025\/11\/mowe_KickOff-512x320.jpg 1200w, https:\/\/kultur-mitte.de\/wp-content\/uploads\/2025\/11\/mowe_KickOff-512x320.jpg 3000w\"\n                                                     class=\"lazyload d-block\" \/>\n                                            <\/div>\n                                        <\/div>\n                                                                                                    <div class=\"col-24 col-md-20 event-teaser-text d-inline\">\n                                    <div class=\"last-child-p-m0\">\n                                                                                                                                                                                                                                                                                                                                                                                                                                                                                                                                                                                                                                <p>\n<em>mowe<\/em> is a new art and urban culture festival, which transform (North-)Moabit and Wedding into a stage. From 8-10 May the festival opens studios and project spaces, bringing art to the streets, to convenience stores, to snack bars, and to unknown locations. With performative walks, productions in urban space, and participatory actions, <em>mowe <\/em>&nbsp;connects neighbourhoods, local artists, institutions and initiatives.<\/p>\n                                                                                                                <\/div>\n                                    <div class=\"d-flex justify-content-start\">\n                                        <a href=\"https:\/\/www.kunst-im-stadtraum.berlin\/en\/mowe-festival\"\n                                           target=\"_blank\"                                           class=\"d-flex btn btn-md btn-outline-dark mt-4 mb-2\"\n                                           rel=\"nofollow\">\n                                            Show Event\n                                        <\/a>\n                                    <\/div>\n                                <\/div>\n                            <\/div>\n                        <\/div>\n                    <\/div>\n                <\/div>\n            <\/div>\n        <\/div>\n    <\/div>\n<\/div>\n                                                                                                            <\/div>\n                                                                    <div class=\"event-teaser-wrap\">\n                                                                                                                            <div class=\"event-teaser \">\n    <div data-id=\"queer-art-in-the-gdr\" class=\"expander default-opened hover-bg-event-teaser bg-md-transparent \">\n        <div class=\"content-side-padding-negate-inner \">\n            <div class=\"py-3 py-md-3 py-lg-4 py-xl-5\">\n                                    <div class=\"row\">\n                        <div class=\"col-24\">\n                            <div class=\"mb-0 mb-md-2 font-mono small text-uppercase no-select\">\n                                                                                                                                                        Mitte Museum |\n                                                                                                                                            Exhibition\n                            <\/div>\n                        <\/div>\n                    <\/div>\n                                <div class=\"row\">\n                    <div class=\"col-24 col-md-8 col-lg-7 col-sxl-8\">\n                        <div class=\"magazin-teaser-text mb-0 mb-md-2 no-select\">\n                            <span class=\"ws-nowrap\">28.3.26 \u2014 28.6.26<\/span>                                                    <\/div>\n                    <\/div>\n                    <div class=\"col-24 col-md-16 col-lg-17 col-sxl-16\">\n                        <div class=\"magazin-teaser-text lh-1_1 mb-0 mb-md-2 pr-md-3 no-select\">\n                                                        QUEER ART IN THE GDR?\n                        <\/div>\n                    <\/div>\n                <\/div>\n\n                <div class=\"row expander-content\">\n                    <div class=\"col-24\">\n                        <div class=\"mb-0 pt-3\">\n                            <div class=\"row\">\n                                                                                                                                                                                            <div class=\"col-24 col-md-4 d-inline-block mb-3 mb-md-0\">\n                                            <div class=\"event-teaser-image no-select\">\n                                                <img decoding=\"async\" alt=\"\"Ohne Titel\", Andreas Fux, Berlin 1983. Courtesy Andreas Fucx und KVOST\"\n                                                     data-sizes=\"auto\"\n                                                     src=\"https:\/\/kultur-mitte.de\/wp-content\/uploads\/2026\/02\/Ohne-Titel_Andreas-Fux-Berlin-1983_Courtesy-Andreas-Fuchs-und-KVOST-512x343.webp\"\n                                                     srcset=\"https:\/\/kultur-mitte.de\/wp-content\/uploads\/2026\/02\/Ohne-Titel_Andreas-Fux-Berlin-1983_Courtesy-Andreas-Fuchs-und-KVOST-512x343.webp 300w, https:\/\/kultur-mitte.de\/wp-content\/uploads\/2026\/02\/Ohne-Titel_Andreas-Fux-Berlin-1983_Courtesy-Andreas-Fuchs-und-KVOST-512x343.webp 600w, https:\/\/kultur-mitte.de\/wp-content\/uploads\/2026\/02\/Ohne-Titel_Andreas-Fux-Berlin-1983_Courtesy-Andreas-Fuchs-und-KVOST-512x343.webp 1200w, https:\/\/kultur-mitte.de\/wp-content\/uploads\/2026\/02\/Ohne-Titel_Andreas-Fux-Berlin-1983_Courtesy-Andreas-Fuchs-und-KVOST-512x343.webp 3000w\"\n                                                     class=\"lazyload d-block\" \/>\n                                            <\/div>\n                                        <\/div>\n                                                                                                    <div class=\"col-24 col-md-20 event-teaser-text d-inline\">\n                                    <div class=\"last-child-p-m0\">\n                                                                                                                                                                                                                                                                                                                                                                                                                                                                                                                                        <p>\nThe exhibition and extensive accompanying events programme shed light on artists\u2019 positions in East Germany and encourage a new reading of art from the GDR. The exhibition draws on the checkered life stories of nine artists and their works, ranging from painting, sculpture, and ceramics to photography. On that basis it shows how differently the nine addressed the political and social conditions of their day. To what extent did sexual orientation influence their artistic practice and their careers?<\/p>\n                                                                                                                <\/div>\n                                    <div class=\"d-flex justify-content-start\">\n                                        <a href=\"https:\/\/kultur-mitte.de\/en\/events\/queer-art-in-the-gdr\/\"\n                                                                                      class=\"d-flex btn btn-md btn-outline-dark mt-4 mb-2\"\n                                           rel=\"nofollow\">\n                                            Show Event\n                                        <\/a>\n                                    <\/div>\n                                <\/div>\n                            <\/div>\n                        <\/div>\n                    <\/div>\n                <\/div>\n            <\/div>\n        <\/div>\n    <\/div>\n<\/div>\n                                                                                                            <\/div>\n                                                <div class=\"event-teaser-wrap\">\n                                                                                                                            <div class=\"event-teaser \">\n    <div data-id=\"malplaquetstrase-33-jugend-einer-monteurin\" class=\"expander default-opened hover-bg-event-teaser bg-md-transparent \">\n        <div class=\"content-side-padding-negate-inner \">\n            <div class=\"py-3 py-md-3 py-lg-4 py-xl-5\">\n                                    <div class=\"row\">\n                        <div class=\"col-24\">\n                            <div class=\"mb-0 mb-md-2 font-mono small text-uppercase no-select\">\n                                                                                                                                                        Galerie Wedding |\n                                                                                                                                            Exhibition\n                            <\/div>\n                        <\/div>\n                    <\/div>\n                                <div class=\"row\">\n                    <div class=\"col-24 col-md-8 col-lg-7 col-sxl-8\">\n                        <div class=\"magazin-teaser-text mb-0 mb-md-2 no-select\">\n                            <span class=\"ws-nowrap\">27.2.26 \u2014 10.5.26<\/span>                                                    <\/div>\n                    <\/div>\n                    <div class=\"col-24 col-md-16 col-lg-17 col-sxl-16\">\n                        <div class=\"magazin-teaser-text lh-1_1 mb-0 mb-md-2 pr-md-3 no-select\">\n                                                        Malplaquetstra\u00dfe 33 \u2013 Jugend einer Monteurin\n                        <\/div>\n                    <\/div>\n                <\/div>\n\n                <div class=\"row expander-content\">\n                    <div class=\"col-24\">\n                        <div class=\"mb-0 pt-3\">\n                            <div class=\"row\">\n                                                                                                                                                                                            <div class=\"col-24 col-md-4 d-inline-block mb-3 mb-md-0\">\n                                            <div class=\"event-teaser-image no-select\">\n                                                <img decoding=\"async\" alt=\"Two Works by Ahu Dural \u00a9 Joe Clark\"\n                                                     data-sizes=\"auto\"\n                                                     src=\"https:\/\/kultur-mitte.de\/wp-content\/uploads\/2026\/02\/Ahu_Dural_Newsletter_Februar-1-400x300-1.webp\"\n                                                     srcset=\"https:\/\/kultur-mitte.de\/wp-content\/uploads\/2026\/02\/Ahu_Dural_Newsletter_Februar-1-400x300-1.webp 300w, https:\/\/kultur-mitte.de\/wp-content\/uploads\/2026\/02\/Ahu_Dural_Newsletter_Februar-1-400x300-1.webp 600w, https:\/\/kultur-mitte.de\/wp-content\/uploads\/2026\/02\/Ahu_Dural_Newsletter_Februar-1-400x300-1.webp 1200w, https:\/\/kultur-mitte.de\/wp-content\/uploads\/2026\/02\/Ahu_Dural_Newsletter_Februar-1-400x300-1.webp 3000w\"\n                                                     class=\"lazyload d-block\" \/>\n                                            <\/div>\n                                        <\/div>\n                                                                                                    <div class=\"col-24 col-md-20 event-teaser-text d-inline\">\n                                    <div class=\"last-child-p-m0\">\n                                                                                                                                                                                                                                                                                                                                                                                                                                                                                                                                        <p>\nIn spring 2026, Galerie Wedding will present Malplaquetstra\u00dfe 33 \u2013 Jugend einer Monteurin (Malplaquetstra\u00dfe 33 \u2013 Youth of a Female Assembly Worker), a solo exhibition by Ahu Dural. Taking an apartment as a starting point, the exhibition explores family history, migration, work, female solidarity and appropriation artistically.<\/p>\n                                                                                                                <\/div>\n                                    <div class=\"d-flex justify-content-start\">\n                                        <a href=\"https:\/\/kultur-mitte.de\/en\/events\/malplaquetstrase-33-jugend-einer-monteurin\/\"\n                                                                                      class=\"d-flex btn btn-md btn-outline-dark mt-4 mb-2\"\n                                           rel=\"nofollow\">\n                                            Show Event\n                                        <\/a>\n                                    <\/div>\n                                <\/div>\n                            <\/div>\n                        <\/div>\n                    <\/div>\n                <\/div>\n            <\/div>\n        <\/div>\n    <\/div>\n<\/div>\n                                                                                                            <\/div>\n                                                <div class=\"event-teaser-wrap\">\n                                                                                                                            <div class=\"event-teaser \">\n    <div data-id=\"weirder-taller-uglier-louder-feral-possible-around-karl-marx-strase-and-carrer-cobalt\" class=\"expander default-opened hover-bg-event-teaser bg-md-transparent \">\n        <div class=\"content-side-padding-negate-inner \">\n            <div class=\"py-3 py-md-3 py-lg-4 py-xl-5\">\n                                    <div class=\"row\">\n                        <div class=\"col-24\">\n                            <div class=\"mb-0 mb-md-2 font-mono small text-uppercase no-select\">\n                                                                                                                                                        B\u00e4renzwinger |\n                                                                                                                                            Exhibition\n                            <\/div>\n                        <\/div>\n                    <\/div>\n                                <div class=\"row\">\n                    <div class=\"col-24 col-md-8 col-lg-7 col-sxl-8\">\n                        <div class=\"magazin-teaser-text mb-0 mb-md-2 no-select\">\n                            <span class=\"ws-nowrap\">19.2.26 \u2014 10.5.26<\/span>                                                    <\/div>\n                    <\/div>\n                    <div class=\"col-24 col-md-16 col-lg-17 col-sxl-16\">\n                        <div class=\"magazin-teaser-text lh-1_1 mb-0 mb-md-2 pr-md-3 no-select\">\n                                                        Weirder, Taller, Uglier, Louder \u2013 Feral Possible, around Karl-Marx-Stra\u00dfe and Carrer Cobalt\n                        <\/div>\n                    <\/div>\n                <\/div>\n\n                <div class=\"row expander-content\">\n                    <div class=\"col-24\">\n                        <div class=\"mb-0 pt-3\">\n                            <div class=\"row\">\n                                                                                                                                                                                            <div class=\"col-24 col-md-4 d-inline-block mb-3 mb-md-0\">\n                                            <div class=\"event-teaser-image no-select\">\n                                                <img decoding=\"async\" alt=\"Weirder, Taller, Uglier, Louder \u2013 Feral Possible, around Karl-Marx-Stra\u00dfe and Carrer Cobalt\"\n                                                     data-sizes=\"auto\"\n                                                     src=\"https:\/\/kultur-mitte.de\/wp-content\/uploads\/2026\/02\/BZ_2025_Politicsofbeingheard_CCWaechter_web-7-512x384.jpg\"\n                                                     srcset=\"https:\/\/kultur-mitte.de\/wp-content\/uploads\/2026\/02\/BZ_2025_Politicsofbeingheard_CCWaechter_web-7-512x384.jpg 300w, https:\/\/kultur-mitte.de\/wp-content\/uploads\/2026\/02\/BZ_2025_Politicsofbeingheard_CCWaechter_web-7-512x384.jpg 600w, https:\/\/kultur-mitte.de\/wp-content\/uploads\/2026\/02\/BZ_2025_Politicsofbeingheard_CCWaechter_web-7-512x384.jpg 1200w, https:\/\/kultur-mitte.de\/wp-content\/uploads\/2026\/02\/BZ_2025_Politicsofbeingheard_CCWaechter_web-7-512x384.jpg 3000w\"\n                                                     class=\"lazyload d-block\" \/>\n                                            <\/div>\n                                        <\/div>\n                                                                                                    <div class=\"col-24 col-md-20 event-teaser-text d-inline\">\n                                    <div class=\"last-child-p-m0\">\n                                                                                                                                                                                                                                                                                                                                                                                                                                                                                                                                                                                                                                <p>\nThe exhibition is the second part of &#8220;Louder, Taller, Uglier, Weirder \u2013 Learning from Weeds \/ Von Unkraut lernen&#8221;, a curatorial project consisting of four exhibitions and a series of events we call sprouts, which appear as we grow and move forward.<\/p>\n                                                                                                                <\/div>\n                                    <div class=\"d-flex justify-content-start\">\n                                        <a href=\"https:\/\/kultur-mitte.de\/en\/events\/weirder-taller-uglier-louder-feral-possible-around-karl-marx-strase-and-carrer-cobalt\/\"\n                                                                                      class=\"d-flex btn btn-md btn-outline-dark mt-4 mb-2\"\n                                           rel=\"nofollow\">\n                                            Show Event\n                                        <\/a>\n                                    <\/div>\n                                <\/div>\n                            <\/div>\n                        <\/div>\n                    <\/div>\n                <\/div>\n            <\/div>\n        <\/div>\n    <\/div>\n<\/div>\n                                                                                                            <\/div>\n                                                <div class=\"event-teaser-wrap\">\n                                                                                                                            <div class=\"event-teaser \">\n    <div data-id=\"dissolutions-sequence-i\" class=\"expander default-opened hover-bg-event-teaser bg-md-transparent \">\n        <div class=\"content-side-padding-negate-inner \">\n            <div class=\"py-3 py-md-3 py-lg-4 py-xl-5\">\n                                    <div class=\"row\">\n                        <div class=\"col-24\">\n                            <div class=\"mb-0 mb-md-2 font-mono small text-uppercase no-select\">\n                                                                                                                                                        Kunst Raum Mitte |\n                                                                                                                                            Exhibition\n                            <\/div>\n                        <\/div>\n                    <\/div>\n                                <div class=\"row\">\n                    <div class=\"col-24 col-md-8 col-lg-7 col-sxl-8\">\n                        <div class=\"magazin-teaser-text mb-0 mb-md-2 no-select\">\n                            <span class=\"ws-nowrap\">7.2.26 \u2014 10.5.26<\/span>                                                    <\/div>\n                    <\/div>\n                    <div class=\"col-24 col-md-16 col-lg-17 col-sxl-16\">\n                        <div class=\"magazin-teaser-text lh-1_1 mb-0 mb-md-2 pr-md-3 no-select\">\n                                                        DISSOLUTIONS Sequence I\n                        <\/div>\n                    <\/div>\n                <\/div>\n\n                <div class=\"row expander-content\">\n                    <div class=\"col-24\">\n                        <div class=\"mb-0 pt-3\">\n                            <div class=\"row\">\n                                                                                                                                                                                            <div class=\"col-24 col-md-4 d-inline-block mb-3 mb-md-0\">\n                                            <div class=\"event-teaser-image no-select\">\n                                                <img decoding=\"async\" alt=\"DISSOLUTIONS Sequence I\"\n                                                     data-sizes=\"auto\"\n                                                     src=\"https:\/\/kultur-mitte.de\/wp-content\/uploads\/2026\/01\/Webflyer-1_mit-Rand-512x384.png\"\n                                                     srcset=\"https:\/\/kultur-mitte.de\/wp-content\/uploads\/2026\/01\/Webflyer-1_mit-Rand-512x384.png 300w, https:\/\/kultur-mitte.de\/wp-content\/uploads\/2026\/01\/Webflyer-1_mit-Rand-512x384.png 600w, https:\/\/kultur-mitte.de\/wp-content\/uploads\/2026\/01\/Webflyer-1_mit-Rand-512x384.png 1200w, https:\/\/kultur-mitte.de\/wp-content\/uploads\/2026\/01\/Webflyer-1_mit-Rand-512x384.png 3000w\"\n                                                     class=\"lazyload d-block\" \/>\n                                            <\/div>\n                                        <\/div>\n                                                                                                    <div class=\"col-24 col-md-20 event-teaser-text d-inline\">\n                                    <div class=\"last-child-p-m0\">\n                                                                                                                                                                                                                                                                                                                                                                                                                                                                                                                                        <p>\nDuo exhibition by Catherina Cramer<strong> <\/strong>and Johannes B\u00fcttner, whose expansive worlds move between the real abysmal nature of neoliberal exploitation\u2014which is currently particularly noticeable due to cultural policy austerity measures\u2014and the imaginations of possible counterworlds.<\/p>\n                                                                                                                <\/div>\n                                    <div class=\"d-flex justify-content-start\">\n                                        <a href=\"https:\/\/kultur-mitte.de\/en\/events\/dissolutions-sequence-i\/\"\n                                                                                      class=\"d-flex btn btn-md btn-outline-dark mt-4 mb-2\"\n                                           rel=\"nofollow\">\n                                            Show Event\n                                        <\/a>\n                                    <\/div>\n                                <\/div>\n                            <\/div>\n                        <\/div>\n                    <\/div>\n                <\/div>\n            <\/div>\n        <\/div>\n    <\/div>\n<\/div>\n                                                                                                            <\/div>\n                                                                                                                                                                                                                                                                                                                                                                                                                                            <div class=\"event-teaser-wrap\">\n                                                                                                                            <div class=\"event-teaser \">\n    <div data-id=\"flucht-ins-innere-the-artist-paul-gurk-during-the-nazi-dictatorship\" class=\"expander default-opened hover-bg-event-teaser bg-md-transparent \">\n        <div class=\"content-side-padding-negate-inner \">\n            <div class=\"py-3 py-md-3 py-lg-4 py-xl-5\">\n                                    <div class=\"row\">\n                        <div class=\"col-24\">\n                            <div class=\"mb-0 mb-md-2 font-mono small text-uppercase no-select\">\n                                                                                                                                                        Mitte Museum |\n                                                                                                                                            Exhibition\n                            <\/div>\n                        <\/div>\n                    <\/div>\n                                <div class=\"row\">\n                    <div class=\"col-24 col-md-8 col-lg-7 col-sxl-8\">\n                        <div class=\"magazin-teaser-text mb-0 mb-md-2 no-select\">\n                            <span class=\"ws-nowrap\">18.7.25 \u2014 10.5.26<\/span>                                                    <\/div>\n                    <\/div>\n                    <div class=\"col-24 col-md-16 col-lg-17 col-sxl-16\">\n                        <div class=\"magazin-teaser-text lh-1_1 mb-0 mb-md-2 pr-md-3 no-select\">\n                                                        Flucht ins Innere: The Artist Paul Gurk during the Nazi dictatorship\n                        <\/div>\n                    <\/div>\n                <\/div>\n\n                <div class=\"row expander-content\">\n                    <div class=\"col-24\">\n                        <div class=\"mb-0 pt-3\">\n                            <div class=\"row\">\n                                                                                                                                                                                            <div class=\"col-24 col-md-4 d-inline-block mb-3 mb-md-0\">\n                                            <div class=\"event-teaser-image no-select\">\n                                                <img decoding=\"async\" alt=\"Gestaltung: Form und Konzept\"\n                                                     data-sizes=\"auto\"\n                                                     src=\"https:\/\/kultur-mitte.de\/wp-content\/uploads\/2025\/07\/Paul-Gurk-Social-Assets-Webbanner-512x339.jpg\"\n                                                     srcset=\"https:\/\/kultur-mitte.de\/wp-content\/uploads\/2025\/07\/Paul-Gurk-Social-Assets-Webbanner-512x339.jpg 300w, https:\/\/kultur-mitte.de\/wp-content\/uploads\/2025\/07\/Paul-Gurk-Social-Assets-Webbanner-512x339.jpg 600w, https:\/\/kultur-mitte.de\/wp-content\/uploads\/2025\/07\/Paul-Gurk-Social-Assets-Webbanner-512x339.jpg 1200w, https:\/\/kultur-mitte.de\/wp-content\/uploads\/2025\/07\/Paul-Gurk-Social-Assets-Webbanner-512x339.jpg 3000w\"\n                                                     class=\"lazyload d-block\" \/>\n                                            <\/div>\n                                        <\/div>\n                                                                                                    <div class=\"col-24 col-md-20 event-teaser-text d-inline\">\n                                    <div class=\"last-child-p-m0\">\n                                                                                                                                                                                                                                                                                                                                                                                                                                                                                                                                        <p>\nMitte Museum keeps documents and books from the estate of Paul Gurk (1880-1953) and his life partner Erna Schallok (1886-1943) as well as artworks by the artist. The exhibition presents a selection of the material and provides authentic insight into the artist&#8217;s life.<\/p>\n                                                                                                                <\/div>\n                                    <div class=\"d-flex justify-content-start\">\n                                        <a href=\"https:\/\/kultur-mitte.de\/en\/events\/flucht-ins-innere-the-artist-paul-gurk-during-the-nazi-dictatorship\/\"\n                                                                                      class=\"d-flex btn btn-md btn-outline-dark mt-4 mb-2\"\n                                           rel=\"nofollow\">\n                                            Show Event\n                                        <\/a>\n                                    <\/div>\n                                <\/div>\n                            <\/div>\n                        <\/div>\n                    <\/div>\n                <\/div>\n            <\/div>\n        <\/div>\n    <\/div>\n<\/div>\n                                                                                                            <\/div>\n                                                                                                                                                                                                                                                                                                                                                                                                                                                                                <\/div>\n\n        \n                \n    <\/div>\n\n\n\n<div style=\"height:100px\" aria-hidden=\"true\" class=\"wp-block-spacer\"><\/div>\n\n\n\n\n\n<div data-element=\"km-2-columns\" id=\"km-custom-block_ff179ca5846bf09fb3eed5dec98c7435\">\n\n    <div class=\"row mt-5 mb-md-5\">\n        <div class=\"col-24 col-sm-10 col-md-6\">\n            <div class=\"two-column-content-left font-size-base mt-2 mb-5 my-sm-0\">\n                <p>Newsletter<\/p>\n\n            <\/div>\n        <\/div>\n        <div class=\"col-24 col-sm-14 col-md-18 col-lg-17 \">\n            <p>Im Kultur Mitte Newsletter informieren wir\u00a0regelm\u00e4\u00dfig \u00fcber die kulturellen Highlights, Veranstaltungen, Ausschreibungen und F\u00f6rderungsm\u00f6glichkeiten in Berlin Mitte.<span class=\"Apple-converted-space\">\u00a0<\/span><\/p>\n\n        <\/div>\n    <\/div>\n\n    <div class=\"content-side-padding-negate \">\n        <\/div>\n<\/div>\n\n\n\n\n\n<div data-element=\"km-newsletter-form-mailerlite\" id=\"km-custom-block_0171933f0420ab60744df2bc85f0d3ca\">\n    <div class=\"row\">\n        <div class=\"col-24 col-sm-10 col-md-6\">\n            \n        <\/div>\n        <div class=\"col-24 col-sm-14 col-md-17\">\n            <div class=\"row mt-3 mt-md-0\">\n                <div class=\"col-24 col-xl\">\n                    \n            <div id=\"mailerlite-form_1\" data-temp-id=\"69f76c030a90c\">\n                <div class=\"mailerlite-form\">\n                    <form action=\"\" method=\"post\" novalidate>\n                                                <div class=\"mailerlite-form-description\"><p>Tragen Sie hier ihre E-Mail Adresse ein:<\/p>\n<\/div>\n                        <div class=\"mailerlite-form-inputs\">\n                                                                                            <div class=\"mailerlite-form-field\">\n                                    <label for=\"mailerlite-1-field-email\">Email<\/label>\n                                    <input id=\"mailerlite-1-field-email\"\n                                           type=\"email\" required=\"required\"                                            name=\"form_fields[email]\"\n                                           placeholder=\"Email\"\/>\n                                <\/div>\n                                                        <div class=\"mailerlite-form-loader\">Einen Moment bitte...<\/div>\n                            <div class=\"mailerlite-subscribe-button-container\">\n                                <button class=\"mailerlite-subscribe-submit\" type=\"submit\">\n                                    Newsletter bestellen                                <\/button>\n                            <\/div>\n                            <input type=\"hidden\" name=\"form_id\" value=\"1\"\/>\n                            <input type=\"hidden\" name=\"action\" value=\"mailerlite_subscribe_form\"\/>\n                            <input type=\"hidden\" name=\"ml_nonce\" value=\"5b2bf20da3\"\/>\n                        <\/div>\n                        <div class=\"mailerlite-form-response\">\n                                                            <h4><p>Danke f\u00fcr Ihre Anmeldung.<br \/>\nSie erhalten in K\u00fcrze eine Best\u00e4tigungsemail.<\/p>\n<\/h4>\n                                                    <\/div>\n                    <\/form>\n                <\/div>\n            <\/div>\n        <script type=\"text\/javascript\" src='https:\/\/kultur-mitte.de\/wp-content\/plugins\/official-mailerlite-sign-up-forms\/assets\/js\/localization\/validation-messages.js'><\/script>\n         <script type=\"text\/javascript\"> var selectedLanguage = \"de\"; var validationMessages = messages[\"en\"]; if(selectedLanguage) { validationMessages = messages[selectedLanguage]; } window.addEventListener(\"load\", function () { var form_container = document.querySelector(`#mailerlite-form_1[data-temp-id=\"69f76c030a90c\"] form`); let submitButton = form_container.querySelector('.mailerlite-subscribe-submit'); submitButton.disabled = true; fetch('https:\/\/kultur-mitte.de\/wp-admin\/admin-ajax.php', { method: 'POST', headers:{ 'Content-Type': 'application\/x-www-form-urlencoded', }, body: new URLSearchParams({ \"action\" : \"ml_create_nonce\", \"ml_nonce\" : form_container.querySelector(\"input[name='ml_nonce']\").value }) }) .then((response) => response.json()) .then((json) => { if(json.success) { form_container.querySelector(\"input[name='ml_nonce']\").value = json.data.ml_nonce; submitButton.disabled = false; } }) .catch((error) => { console.error('Error:', error); }); form_container.addEventListener('submit', (e) => { e.preventDefault(); let data = new URLSearchParams(new FormData(form_container)).toString(); let validationError = false; document.querySelectorAll('.mailerlite-form-error').forEach(el => el.remove()); Array.from(form_container.elements).forEach((input) => { if(input.type !== 'hidden') { if(input.required) { if(input.value == '') { validationError = true; let error = document.createElement(\"span\"); error.className = 'mailerlite-form-error'; error.textContent = validationMessages.required; input.after(error); return false; } } if((input.type == \"email\") && (!validateEmail(input.value))) { validationError = true; let error = document.createElement(\"span\"); error.className = 'mailerlite-form-error'; error.textContent = validationMessages.email; input.after(error); return false; } } }); if(validationError) { return false; } fade.out(form_container.querySelector('.mailerlite-subscribe-button-container'), () => { fade.in(form_container.querySelector('.mailerlite-form-loader')); }); fetch('https:\/\/kultur-mitte.de\/wp-admin\/admin-ajax.php', { method: 'POST', headers:{ 'Content-Type': 'application\/x-www-form-urlencoded', }, body: data }) .then((response) => { fade.out(form_container.querySelector('.mailerlite-form-inputs'), () => { fade.in(form_container.querySelector('.mailerlite-form-response')); }); }) .catch((error) => { console.error('Error:', error); }); }); }, false); var fade = { out: function(el, fn = false) { var fadeOutEffect = setInterval(function () { if (!el.style.opacity) { el.style.opacity = 1; } if (el.style.opacity > 0) { el.style.opacity -= 0.1; } else { el.style.display = 'none'; clearInterval(fadeOutEffect); } }, 50); if( typeof (fn) == 'function') { fn(); } }, in: function(el) { var fadeInEffect = setInterval(function () { if (!el.style.opacity) { el.style.opacity = 0; } if (el.style.opacity < 1) { el.style.opacity = Number(el.style.opacity) + 0.1; } else { el.style.display = 'block'; clearInterval(fadeInEffect); } }, 50); } }; function validateEmail(email){ if(email.match( \/^(([^<>()[\\]\\\\.,;:\\s@\\\"]+(\\.[^<>()[\\]\\\\.,;:\\s@\\\"]+)*)|(\\\".+\\\"))@((\\[[0-9]{1,3}\\.[0-9]{1,3}\\.[0-9]{1,3}\\.[0-9]{1,3}\\])|(([a-zA-Z\\-0-9]+\\.)+[a-zA-Z]{2,}))$\/ )) { return true; } return false; } <\/script> \n                <\/div>\n            <\/div>\n        <\/div>\n    <\/div>\n\n<\/div>","protected":false},"excerpt":{"rendered":"","protected":false},"author":23,"featured_media":0,"parent":0,"menu_order":0,"comment_status":"closed","ping_status":"closed","template":"","meta":{"_acf_changed":false,"footnotes":""},"class_list":["post-28600","page","type-page","status-publish","hentry"],"acf":[],"yoast_head":"<!-- This site is optimized with the Yoast SEO plugin v27.5 - https:\/\/yoast.com\/product\/yoast-seo-wordpress\/ -->\n<title>Events - Kultur Mitte<\/title>\n<meta name=\"robots\" content=\"index, follow, max-snippet:-1, max-image-preview:large, max-video-preview:-1\" \/>\n<link rel=\"canonical\" href=\"https:\/\/kultur-mitte.de\/en\/termine\/\" \/>\n<meta property=\"og:locale\" content=\"en_US\" \/>\n<meta property=\"og:type\" content=\"article\" \/>\n<meta property=\"og:title\" content=\"Events - Kultur Mitte\" \/>\n<meta property=\"og:url\" content=\"https:\/\/kultur-mitte.de\/en\/termine\/\" \/>\n<meta property=\"og:site_name\" content=\"Kultur Mitte\" \/>\n<meta property=\"article:publisher\" content=\"https:\/\/www.facebook.com\/kulturmitte\/?locale=de_DE\" \/>\n<meta property=\"article:modified_time\" content=\"2026-04-13T07:28:03+00:00\" \/>\n<meta name=\"twitter:card\" content=\"summary_large_image\" \/>\n<script type=\"application\/ld+json\" class=\"yoast-schema-graph\">{\"@context\":\"https:\\\/\\\/schema.org\",\"@graph\":[{\"@type\":\"WebPage\",\"@id\":\"https:\\\/\\\/kultur-mitte.de\\\/en\\\/termine\\\/\",\"url\":\"https:\\\/\\\/kultur-mitte.de\\\/en\\\/termine\\\/\",\"name\":\"Events - Kultur Mitte\",\"isPartOf\":{\"@id\":\"https:\\\/\\\/kultur-mitte.de\\\/en\\\/#website\"},\"datePublished\":\"2024-07-24T09:48:50+00:00\",\"dateModified\":\"2026-04-13T07:28:03+00:00\",\"breadcrumb\":{\"@id\":\"https:\\\/\\\/kultur-mitte.de\\\/en\\\/termine\\\/#breadcrumb\"},\"inLanguage\":\"en-US\",\"potentialAction\":[{\"@type\":\"ReadAction\",\"target\":[\"https:\\\/\\\/kultur-mitte.de\\\/en\\\/termine\\\/\"]}]},{\"@type\":\"BreadcrumbList\",\"@id\":\"https:\\\/\\\/kultur-mitte.de\\\/en\\\/termine\\\/#breadcrumb\",\"itemListElement\":[{\"@type\":\"ListItem\",\"position\":1,\"name\":\"Home\",\"item\":\"https:\\\/\\\/kultur-mitte.de\\\/en\\\/\"},{\"@type\":\"ListItem\",\"position\":2,\"name\":\"Events\"}]},{\"@type\":\"WebSite\",\"@id\":\"https:\\\/\\\/kultur-mitte.de\\\/en\\\/#website\",\"url\":\"https:\\\/\\\/kultur-mitte.de\\\/en\\\/\",\"name\":\"Kultur Mitte\",\"description\":\"\",\"potentialAction\":[{\"@type\":\"SearchAction\",\"target\":{\"@type\":\"EntryPoint\",\"urlTemplate\":\"https:\\\/\\\/kultur-mitte.de\\\/en\\\/?s={search_term_string}\"},\"query-input\":{\"@type\":\"PropertyValueSpecification\",\"valueRequired\":true,\"valueName\":\"search_term_string\"}}],\"inLanguage\":\"en-US\"}]}<\/script>\n<!-- \/ Yoast SEO plugin. -->","yoast_head_json":{"title":"Events - Kultur Mitte","robots":{"index":"index","follow":"follow","max-snippet":"max-snippet:-1","max-image-preview":"max-image-preview:large","max-video-preview":"max-video-preview:-1"},"canonical":"https:\/\/kultur-mitte.de\/en\/termine\/","og_locale":"en_US","og_type":"article","og_title":"Events - Kultur Mitte","og_url":"https:\/\/kultur-mitte.de\/en\/termine\/","og_site_name":"Kultur Mitte","article_publisher":"https:\/\/www.facebook.com\/kulturmitte\/?locale=de_DE","article_modified_time":"2026-04-13T07:28:03+00:00","twitter_card":"summary_large_image","schema":{"@context":"https:\/\/schema.org","@graph":[{"@type":"WebPage","@id":"https:\/\/kultur-mitte.de\/en\/termine\/","url":"https:\/\/kultur-mitte.de\/en\/termine\/","name":"Events - Kultur Mitte","isPartOf":{"@id":"https:\/\/kultur-mitte.de\/en\/#website"},"datePublished":"2024-07-24T09:48:50+00:00","dateModified":"2026-04-13T07:28:03+00:00","breadcrumb":{"@id":"https:\/\/kultur-mitte.de\/en\/termine\/#breadcrumb"},"inLanguage":"en-US","potentialAction":[{"@type":"ReadAction","target":["https:\/\/kultur-mitte.de\/en\/termine\/"]}]},{"@type":"BreadcrumbList","@id":"https:\/\/kultur-mitte.de\/en\/termine\/#breadcrumb","itemListElement":[{"@type":"ListItem","position":1,"name":"Home","item":"https:\/\/kultur-mitte.de\/en\/"},{"@type":"ListItem","position":2,"name":"Events"}]},{"@type":"WebSite","@id":"https:\/\/kultur-mitte.de\/en\/#website","url":"https:\/\/kultur-mitte.de\/en\/","name":"Kultur Mitte","description":"","potentialAction":[{"@type":"SearchAction","target":{"@type":"EntryPoint","urlTemplate":"https:\/\/kultur-mitte.de\/en\/?s={search_term_string}"},"query-input":{"@type":"PropertyValueSpecification","valueRequired":true,"valueName":"search_term_string"}}],"inLanguage":"en-US"}]}},"_links":{"self":[{"href":"https:\/\/kultur-mitte.de\/en\/wp-json\/wp\/v2\/pages\/28600","targetHints":{"allow":["GET"]}}],"collection":[{"href":"https:\/\/kultur-mitte.de\/en\/wp-json\/wp\/v2\/pages"}],"about":[{"href":"https:\/\/kultur-mitte.de\/en\/wp-json\/wp\/v2\/types\/page"}],"author":[{"embeddable":true,"href":"https:\/\/kultur-mitte.de\/en\/wp-json\/wp\/v2\/users\/23"}],"replies":[{"embeddable":true,"href":"https:\/\/kultur-mitte.de\/en\/wp-json\/wp\/v2\/comments?post=28600"}],"version-history":[{"count":4,"href":"https:\/\/kultur-mitte.de\/en\/wp-json\/wp\/v2\/pages\/28600\/revisions"}],"predecessor-version":[{"id":28605,"href":"https:\/\/kultur-mitte.de\/en\/wp-json\/wp\/v2\/pages\/28600\/revisions\/28605"}],"wp:attachment":[{"href":"https:\/\/kultur-mitte.de\/en\/wp-json\/wp\/v2\/media?parent=28600"}],"curies":[{"name":"wp","href":"https:\/\/api.w.org\/{rel}","templated":true}]}}